{"id":11,"date":"2023-12-29T15:00:47","date_gmt":"2023-12-29T14:00:47","guid":{"rendered":"https:\/\/kuesten-kind.de\/KK2024\/?page_id=11"},"modified":"2024-01-03T18:23:39","modified_gmt":"2024-01-03T17:23:39","slug":"ueber-uns","status":"publish","type":"page","link":"https:\/\/kuesten-kind.de\/KK2024\/ueber-uns\/","title":{"rendered":"\u00dcber uns"},"content":{"rendered":"\n<p>Wie w\u00e4re es, wenn ich an einem Ort Produkte kaufen k\u00f6nnte, die ausschlie\u00dflich unter \u00f6kologischen, sozialen und ethischen Gesichtspunkten hergestellt und gehandelt worden sind?<br>Wie w\u00e4re es, wenn diese Produkte auch noch alltagstauglich w\u00e4ren und ich bequem in der Lage w\u00e4re, sie zu benutzen und zu pflegen?<br>Wie w\u00e4re es, wenn die Produkte auch noch gut aussehen w\u00fcrden? Nicht nur modisch, sondern besonders: bemerkenswert, einzigartig, individuell . . .<br>Wie w\u00e4re es, wenn ich die Produkte auch noch anfassen, erf\u00fchlen, sp\u00fcren, testen und ausprobieren k\u00f6nnte?<br>Und auf Wunsch auch noch ein Mensch da w\u00e4re, der mir Fragen beantworten kann?<br>Und wie w\u00e4re es, wenn ich auch noch erfahren k\u00f6nnte, woher die Produkte stammen, wer sie herstellt, welche Idee dahinter steht und welche Menschen diese Idee umgesetzt haben?<\/p>\n\n\n\n<p>Genau diese Fragen haben wir uns auch gestellt &#8211; und als Anwort kam das K\u00dcSTENKIND zu uns.<\/p>\n\n\n\n<p>Wir haben auf dem Weg dahin viele Menschen getroffen, die entweder bereits nachhaltig denken und leben oder sich wie viele andere auf dem Weg dahin befinden. Eines ist uns immer wieder begegnet: der Wunsch, mehr Verantwortung f\u00fcr sich selbst und f\u00fcr die Gemeinschaft aller zu \u00fcbernehmen war die alles sinnstiftend umspannende Klammer. <\/p>\n\n\n\n<p>Denn mit dieser Grundhaltung kann der Lebenswert gest\u00e4rkt und erhalten werden.<\/p>\n\n\n\n<p><strong>Das K\u00dcSTENKIND will dazu einen kleinen Beitrag leisten \u2013 und wir haben gesehen: wir sind nicht allein<\/strong><\/p>\n\n\n\n<p><\/p>\n","protected":false},"excerpt":{"rendered":"<p>Wie w\u00e4re es, wenn ich an einem Ort Produkte kaufen k\u00f6nnte, die ausschlie\u00dflich unter \u00f6kologischen, sozialen und ethischen Gesichtspunkten hergestellt und gehandelt worden sind?Wie w\u00e4re es, wenn diese Produkte auch noch alltagstauglich w\u00e4ren und ich bequem in der Lage w\u00e4re, sie zu benutzen und zu pflegen?Wie w\u00e4re es, wenn die Produkte auch noch gut aussehen [&hellip;]<\/p>\n","protected":false},"author":1,"featured_media":39,"parent":0,"menu_order":0,"comment_status":"closed","ping_status":"closed","template":"","meta":{"iawp_total_views":3008,"footnotes":""},"class_list":["post-11","page","type-page","status-publish","has-post-thumbnail","hentry"],"yoast_head":"<!-- This site is optimized with the Yoast SEO plugin v27.4 - https:\/\/yoast.com\/product\/yoast-seo-wordpress\/ -->\n<title>\u00dcber uns - K\u00dcSTENKIND<\/title>\n<meta name=\"robots\" content=\"index, follow, max-snippet:-1, max-image-preview:large, max-video-preview:-1\" \/>\n<link rel=\"canonical\" href=\"https:\/\/kuesten-kind.de\/KK2024\/ueber-uns\/\" \/>\n<meta property=\"og:locale\" content=\"de_DE\" \/>\n<meta property=\"og:type\" content=\"article\" \/>\n<meta property=\"og:title\" content=\"\u00dcber uns - K\u00dcSTENKIND\" \/>\n<meta property=\"og:description\" content=\"Wie w\u00e4re es, wenn ich an einem Ort Produkte kaufen k\u00f6nnte, die ausschlie\u00dflich unter \u00f6kologischen, sozialen und ethischen Gesichtspunkten hergestellt und gehandelt worden sind?Wie w\u00e4re es, wenn diese Produkte auch noch alltagstauglich w\u00e4ren und ich bequem in der Lage w\u00e4re, sie zu benutzen und zu pflegen?Wie w\u00e4re es, wenn die Produkte auch noch gut aussehen [&hellip;]\" \/>\n<meta property=\"og:url\" content=\"https:\/\/kuesten-kind.de\/KK2024\/ueber-uns\/\" \/>\n<meta property=\"og:site_name\" content=\"K\u00dcSTENKIND\" \/>\n<meta property=\"article:publisher\" content=\"https:\/\/www.facebook.com\/kuestenkind.eck\" \/>\n<meta property=\"article:modified_time\" content=\"2024-01-03T17:23:39+00:00\" \/>\n<meta property=\"og:image\" content=\"https:\/\/kuesten-kind.de\/KK2024\/wp-content\/uploads\/2023\/12\/thumb_DSC_0567_1024.jpg\" \/>\n\t<meta property=\"og:image:width\" content=\"1086\" \/>\n\t<meta property=\"og:image:height\" content=\"724\" \/>\n\t<meta property=\"og:image:type\" content=\"image\/jpeg\" \/>\n<meta name=\"twitter:card\" content=\"summary_large_image\" \/>\n<meta name=\"twitter:label1\" content=\"Gesch\u00e4tzte Lesezeit\" \/>\n\t<meta name=\"twitter:data1\" content=\"2\u00a0Minuten\" \/>\n<script type=\"application\/ld+json\" class=\"yoast-schema-graph\">{\"@context\":\"https:\\\/\\\/schema.org\",\"@graph\":[{\"@type\":\"WebPage\",\"@id\":\"https:\\\/\\\/kuesten-kind.de\\\/KK2024\\\/ueber-uns\\\/\",\"url\":\"https:\\\/\\\/kuesten-kind.de\\\/KK2024\\\/ueber-uns\\\/\",\"name\":\"\u00dcber uns - K\u00dcSTENKIND\",\"isPartOf\":{\"@id\":\"https:\\\/\\\/kuesten-kind.de\\\/KK2024\\\/#website\"},\"primaryImageOfPage\":{\"@id\":\"https:\\\/\\\/kuesten-kind.de\\\/KK2024\\\/ueber-uns\\\/#primaryimage\"},\"image\":{\"@id\":\"https:\\\/\\\/kuesten-kind.de\\\/KK2024\\\/ueber-uns\\\/#primaryimage\"},\"thumbnailUrl\":\"https:\\\/\\\/kuesten-kind.de\\\/KK2024\\\/wp-content\\\/uploads\\\/2023\\\/12\\\/thumb_DSC_0567_1024.jpg\",\"datePublished\":\"2023-12-29T14:00:47+00:00\",\"dateModified\":\"2024-01-03T17:23:39+00:00\",\"breadcrumb\":{\"@id\":\"https:\\\/\\\/kuesten-kind.de\\\/KK2024\\\/ueber-uns\\\/#breadcrumb\"},\"inLanguage\":\"de\",\"potentialAction\":[{\"@type\":\"ReadAction\",\"target\":[\"https:\\\/\\\/kuesten-kind.de\\\/KK2024\\\/ueber-uns\\\/\"]}]},{\"@type\":\"ImageObject\",\"inLanguage\":\"de\",\"@id\":\"https:\\\/\\\/kuesten-kind.de\\\/KK2024\\\/ueber-uns\\\/#primaryimage\",\"url\":\"https:\\\/\\\/kuesten-kind.de\\\/KK2024\\\/wp-content\\\/uploads\\\/2023\\\/12\\\/thumb_DSC_0567_1024.jpg\",\"contentUrl\":\"https:\\\/\\\/kuesten-kind.de\\\/KK2024\\\/wp-content\\\/uploads\\\/2023\\\/12\\\/thumb_DSC_0567_1024.jpg\",\"width\":1086,\"height\":724},{\"@type\":\"BreadcrumbList\",\"@id\":\"https:\\\/\\\/kuesten-kind.de\\\/KK2024\\\/ueber-uns\\\/#breadcrumb\",\"itemListElement\":[{\"@type\":\"ListItem\",\"position\":1,\"name\":\"Startseite\",\"item\":\"https:\\\/\\\/kuesten-kind.de\\\/KK2024\\\/\"},{\"@type\":\"ListItem\",\"position\":2,\"name\":\"\u00dcber uns\"}]},{\"@type\":\"WebSite\",\"@id\":\"https:\\\/\\\/kuesten-kind.de\\\/KK2024\\\/#website\",\"url\":\"https:\\\/\\\/kuesten-kind.de\\\/KK2024\\\/\",\"name\":\"K\u00dcSTENKIND\",\"description\":\"nat\u00fcrlich - \u00f6kologisch - fair\",\"publisher\":{\"@id\":\"https:\\\/\\\/kuesten-kind.de\\\/KK2024\\\/#organization\"},\"potentialAction\":[{\"@type\":\"SearchAction\",\"target\":{\"@type\":\"EntryPoint\",\"urlTemplate\":\"https:\\\/\\\/kuesten-kind.de\\\/KK2024\\\/?s={search_term_string}\"},\"query-input\":{\"@type\":\"PropertyValueSpecification\",\"valueRequired\":true,\"valueName\":\"search_term_string\"}}],\"inLanguage\":\"de\"},{\"@type\":\"Organization\",\"@id\":\"https:\\\/\\\/kuesten-kind.de\\\/KK2024\\\/#organization\",\"name\":\"K\u00dcSTENKIND\",\"url\":\"https:\\\/\\\/kuesten-kind.de\\\/KK2024\\\/\",\"logo\":{\"@type\":\"ImageObject\",\"inLanguage\":\"de\",\"@id\":\"https:\\\/\\\/kuesten-kind.de\\\/KK2024\\\/#\\\/schema\\\/logo\\\/image\\\/\",\"url\":\"https:\\\/\\\/kuesten-kind.de\\\/KK2024\\\/wp-content\\\/uploads\\\/2024\\\/01\\\/KK_Logo_80x80.jpg\",\"contentUrl\":\"https:\\\/\\\/kuesten-kind.de\\\/KK2024\\\/wp-content\\\/uploads\\\/2024\\\/01\\\/KK_Logo_80x80.jpg\",\"width\":472,\"height\":472,\"caption\":\"K\u00dcSTENKIND\"},\"image\":{\"@id\":\"https:\\\/\\\/kuesten-kind.de\\\/KK2024\\\/#\\\/schema\\\/logo\\\/image\\\/\"},\"sameAs\":[\"https:\\\/\\\/www.facebook.com\\\/kuestenkind.eck\",\"https:\\\/\\\/www.instagram.com\\\/kuestenkind.eck\\\/\"]}]}<\/script>\n<!-- \/ Yoast SEO plugin. -->","yoast_head_json":{"title":"\u00dcber uns - K\u00dcSTENKIND","robots":{"index":"index","follow":"follow","max-snippet":"max-snippet:-1","max-image-preview":"max-image-preview:large","max-video-preview":"max-video-preview:-1"},"canonical":"https:\/\/kuesten-kind.de\/KK2024\/ueber-uns\/","og_locale":"de_DE","og_type":"article","og_title":"\u00dcber uns - K\u00dcSTENKIND","og_description":"Wie w\u00e4re es, wenn ich an einem Ort Produkte kaufen k\u00f6nnte, die ausschlie\u00dflich unter \u00f6kologischen, sozialen und ethischen Gesichtspunkten hergestellt und gehandelt worden sind?Wie w\u00e4re es, wenn diese Produkte auch noch alltagstauglich w\u00e4ren und ich bequem in der Lage w\u00e4re, sie zu benutzen und zu pflegen?Wie w\u00e4re es, wenn die Produkte auch noch gut aussehen [&hellip;]","og_url":"https:\/\/kuesten-kind.de\/KK2024\/ueber-uns\/","og_site_name":"K\u00dcSTENKIND","article_publisher":"https:\/\/www.facebook.com\/kuestenkind.eck","article_modified_time":"2024-01-03T17:23:39+00:00","og_image":[{"width":1086,"height":724,"url":"https:\/\/kuesten-kind.de\/KK2024\/wp-content\/uploads\/2023\/12\/thumb_DSC_0567_1024.jpg","type":"image\/jpeg"}],"twitter_card":"summary_large_image","twitter_misc":{"Gesch\u00e4tzte Lesezeit":"2\u00a0Minuten"},"schema":{"@context":"https:\/\/schema.org","@graph":[{"@type":"WebPage","@id":"https:\/\/kuesten-kind.de\/KK2024\/ueber-uns\/","url":"https:\/\/kuesten-kind.de\/KK2024\/ueber-uns\/","name":"\u00dcber uns - K\u00dcSTENKIND","isPartOf":{"@id":"https:\/\/kuesten-kind.de\/KK2024\/#website"},"primaryImageOfPage":{"@id":"https:\/\/kuesten-kind.de\/KK2024\/ueber-uns\/#primaryimage"},"image":{"@id":"https:\/\/kuesten-kind.de\/KK2024\/ueber-uns\/#primaryimage"},"thumbnailUrl":"https:\/\/kuesten-kind.de\/KK2024\/wp-content\/uploads\/2023\/12\/thumb_DSC_0567_1024.jpg","datePublished":"2023-12-29T14:00:47+00:00","dateModified":"2024-01-03T17:23:39+00:00","breadcrumb":{"@id":"https:\/\/kuesten-kind.de\/KK2024\/ueber-uns\/#breadcrumb"},"inLanguage":"de","potentialAction":[{"@type":"ReadAction","target":["https:\/\/kuesten-kind.de\/KK2024\/ueber-uns\/"]}]},{"@type":"ImageObject","inLanguage":"de","@id":"https:\/\/kuesten-kind.de\/KK2024\/ueber-uns\/#primaryimage","url":"https:\/\/kuesten-kind.de\/KK2024\/wp-content\/uploads\/2023\/12\/thumb_DSC_0567_1024.jpg","contentUrl":"https:\/\/kuesten-kind.de\/KK2024\/wp-content\/uploads\/2023\/12\/thumb_DSC_0567_1024.jpg","width":1086,"height":724},{"@type":"BreadcrumbList","@id":"https:\/\/kuesten-kind.de\/KK2024\/ueber-uns\/#breadcrumb","itemListElement":[{"@type":"ListItem","position":1,"name":"Startseite","item":"https:\/\/kuesten-kind.de\/KK2024\/"},{"@type":"ListItem","position":2,"name":"\u00dcber uns"}]},{"@type":"WebSite","@id":"https:\/\/kuesten-kind.de\/KK2024\/#website","url":"https:\/\/kuesten-kind.de\/KK2024\/","name":"K\u00dcSTENKIND","description":"nat\u00fcrlich - \u00f6kologisch - fair","publisher":{"@id":"https:\/\/kuesten-kind.de\/KK2024\/#organization"},"potentialAction":[{"@type":"SearchAction","target":{"@type":"EntryPoint","urlTemplate":"https:\/\/kuesten-kind.de\/KK2024\/?s={search_term_string}"},"query-input":{"@type":"PropertyValueSpecification","valueRequired":true,"valueName":"search_term_string"}}],"inLanguage":"de"},{"@type":"Organization","@id":"https:\/\/kuesten-kind.de\/KK2024\/#organization","name":"K\u00dcSTENKIND","url":"https:\/\/kuesten-kind.de\/KK2024\/","logo":{"@type":"ImageObject","inLanguage":"de","@id":"https:\/\/kuesten-kind.de\/KK2024\/#\/schema\/logo\/image\/","url":"https:\/\/kuesten-kind.de\/KK2024\/wp-content\/uploads\/2024\/01\/KK_Logo_80x80.jpg","contentUrl":"https:\/\/kuesten-kind.de\/KK2024\/wp-content\/uploads\/2024\/01\/KK_Logo_80x80.jpg","width":472,"height":472,"caption":"K\u00dcSTENKIND"},"image":{"@id":"https:\/\/kuesten-kind.de\/KK2024\/#\/schema\/logo\/image\/"},"sameAs":["https:\/\/www.facebook.com\/kuestenkind.eck","https:\/\/www.instagram.com\/kuestenkind.eck\/"]}]}},"jetpack_sharing_enabled":true,"_links":{"self":[{"href":"https:\/\/kuesten-kind.de\/KK2024\/wp-json\/wp\/v2\/pages\/11","targetHints":{"allow":["GET"]}}],"collection":[{"href":"https:\/\/kuesten-kind.de\/KK2024\/wp-json\/wp\/v2\/pages"}],"about":[{"href":"https:\/\/kuesten-kind.de\/KK2024\/wp-json\/wp\/v2\/types\/page"}],"author":[{"embeddable":true,"href":"https:\/\/kuesten-kind.de\/KK2024\/wp-json\/wp\/v2\/users\/1"}],"replies":[{"embeddable":true,"href":"https:\/\/kuesten-kind.de\/KK2024\/wp-json\/wp\/v2\/comments?post=11"}],"version-history":[{"count":3,"href":"https:\/\/kuesten-kind.de\/KK2024\/wp-json\/wp\/v2\/pages\/11\/revisions"}],"predecessor-version":[{"id":150,"href":"https:\/\/kuesten-kind.de\/KK2024\/wp-json\/wp\/v2\/pages\/11\/revisions\/150"}],"wp:featuredmedia":[{"embeddable":true,"href":"https:\/\/kuesten-kind.de\/KK2024\/wp-json\/wp\/v2\/media\/39"}],"wp:attachment":[{"href":"https:\/\/kuesten-kind.de\/KK2024\/wp-json\/wp\/v2\/media?parent=11"}],"curies":[{"name":"wp","href":"https:\/\/api.w.org\/{rel}","templated":true}]}}